{"id":103,"date":"2015-10-21T19:56:25","date_gmt":"2015-10-21T18:56:25","guid":{"rendered":"http:\/\/crimenesdeodio.info\/?post_type=hatecrime&#038;p=103"},"modified":"2026-03-23T18:27:01","modified_gmt":"2026-03-23T17:27:01","slug":"jesus-sanchez-rodriguez","status":"publish","type":"hatecrime","link":"https:\/\/crimenesdeodio.info\/es\/hatecrime\/jesus-sanchez-rodriguez\/","title":{"rendered":"Jes\u00fas S\u00e1nchez Rodr\u00edguez"},"content":{"rendered":"<p>Joven toxic\u00f3mano de 27 a\u00f1os fue agredido brutalmente en la plaza de Las Comendadoras por un grupo de j\u00f3venes. El hermano de la v\u00edctima le encontr\u00f3 al d\u00eda siguiente a\u00fan vivo, tirado a la calle, y \u00e9ste le manifest\u00f3 antes de perder la conciencia, que le hab\u00edan agredido unas cabezas rapadas neonazis. Els fets van passar el cap de setmana del 20N, data simb\u00f2lica per ser l&#8217;aniversari de la mort de Franco i Jos\u00e9 Antonio, i en qu\u00e8 grups neonazis i feixistes van celebrar diversos actes a Madrid.<\/p>\n","protected":false},"featured_media":0,"template":"","class_list":["post-103","hatecrime","type-hatecrime","status-publish","hentry","type-otros","sentence_type-archivado"],"acf":{"fecha_del_crimen":"19931121","age":"","direccion":{"street":"Plaza de las Comendadoras","neighbourhood":"Malasa\u00f1a","city":"Madrid","province":"Madrid"},"lugar":{"latitude":"40.4273542","longitude":"-3.7114265"},"videos":"","organo_judicial":"","sentencia":"Arxivat per manca de proves","toot":""},"_links":{"self":[{"href":"https:\/\/crimenesdeodio.info\/es\/wp-json\/wp\/v2\/hatecrime\/103","targetHints":{"allow":["GET"]}}],"collection":[{"href":"https:\/\/crimenesdeodio.info\/es\/wp-json\/wp\/v2\/hatecrime"}],"about":[{"href":"https:\/\/crimenesdeodio.info\/es\/wp-json\/wp\/v2\/types\/hatecrime"}],"wp:attachment":[{"href":"https:\/\/crimenesdeodio.info\/es\/wp-json\/wp\/v2\/media?parent=103"}],"curies":[{"name":"wp","href":"https:\/\/api.w.org\/{rel}","templated":true}]}}