{"id":709,"date":"2015-10-27T11:04:42","date_gmt":"2015-10-27T10:04:42","guid":{"rendered":"http:\/\/crimenesdeodio.info\/?post_type=hatecrime&#038;p=709"},"modified":"2025-08-25T12:10:35","modified_gmt":"2025-08-25T11:10:35","slug":"ioan-grancea","status":"publish","type":"hatecrime","link":"https:\/\/crimenesdeodio.info\/es\/hatecrime\/ioan-grancea\/","title":{"rendered":"Ioan Grancea"},"content":{"rendered":"<p>Un grupo de j\u00f3venes salt\u00f3 a la pista de patinaje instalada en la plaza Cervantes de Alcal\u00e1 de Henares a las siete de la ma\u00f1ana, cuando estaba cerrada. El vigilante, Ioan Gracea, rumano de 28 a\u00f1os, intent\u00f3 disuadirles. El presunto autor de la muerte de Gracea, que no particip\u00f3 en la disputa, estaba sentado en la valla de la pista. El vigilante trat\u00f3 de echarlo, ya que pensaba que formaba parte de la pandilla. El acusado sac\u00f3 una navaja de casi diez cent\u00edmetros y le asest\u00f3 dos pu\u00f1aladas en el pecho, una en el coraz\u00f3n. La mujer de la v\u00edctima se encontraba presente en el momento y en el lugar de los hecho.<\/p>\n","protected":false},"featured_media":0,"template":"","class_list":["post-709","hatecrime","type-hatecrime","status-publish","hentry","type-racismoxenofobia","sentence_type-condena","delict-homicidio"],"acf":{"fecha_del_crimen":"20070101","age":"","direccion":{"street":"plaza de Cervantes","neighbourhood":"","city":"Alcal\u00e1 de Henares","province":"Madrid"},"lugar":{"latitude":"40.4826141","longitude":"-3.3661814"},"videos":"","organo_judicial":"Secci\u00f3n 5 de la Audiencia Provincial de Madrid","sentencia":"10 a\u00f1os de prisi\u00f3n por homicidio","toot":"Ioan Grancea, vigilante de seguridad rumano de 28 a\u00f1os, muri\u00f3 a causa de dos pu\u00f1aladas en el pecho en la plaza Cervantes de #Alcal\u00e1deHenares #Xenofobia"},"_links":{"self":[{"href":"https:\/\/crimenesdeodio.info\/es\/wp-json\/wp\/v2\/hatecrime\/709","targetHints":{"allow":["GET"]}}],"collection":[{"href":"https:\/\/crimenesdeodio.info\/es\/wp-json\/wp\/v2\/hatecrime"}],"about":[{"href":"https:\/\/crimenesdeodio.info\/es\/wp-json\/wp\/v2\/types\/hatecrime"}],"wp:attachment":[{"href":"https:\/\/crimenesdeodio.info\/es\/wp-json\/wp\/v2\/media?parent=709"}],"curies":[{"name":"wp","href":"https:\/\/api.w.org\/{rel}","templated":true}]}}